{"id":147,"date":"2023-08-09T11:31:53","date_gmt":"2023-08-09T09:31:53","guid":{"rendered":"https:\/\/movefortheworld.org\/ghet\/?page_id=147"},"modified":"2025-02-28T14:54:51","modified_gmt":"2025-02-28T13:54:51","slug":"objectifs-impact","status":"publish","type":"page","link":"https:\/\/movefortheworld.org\/ghet\/objectifs-impact\/","title":{"rendered":"objectifs \u2022 impact"},"content":{"rendered":"<p>[et_pb_section fb_built=\u00a0\u00bb1&Prime; _builder_version=\u00a0\u00bb4.27.4&Prime; _module_preset=\u00a0\u00bbdefault\u00a0\u00bb background_image=\u00a0\u00bbhttp:\/\/movefortheworld.org\/ghet\/wp-content\/uploads\/2025\/02\/move.png\u00a0\u00bb background_position=\u00a0\u00bbtop_right\u00a0\u00bb background_horizontal_offset=\u00a0\u00bb70%\u00a0\u00bb min_height=\u00a0\u00bb446px\u00a0\u00bb custom_margin=\u00a0\u00bb||15px|||\u00a0\u00bb custom_padding=\u00a0\u00bb||577px|||\u00a0\u00bb hover_enabled=\u00a0\u00bb0&Prime; global_colors_info=\u00a0\u00bb{}\u00a0\u00bb title_text=\u00a0\u00bbmove\u00a0\u00bb sticky_enabled=\u00a0\u00bb0&Prime;][\/et_pb_section][et_pb_section fb_built=\u00a0\u00bb1&Prime; _builder_version=\u00a0\u00bb4.27.4&Prime; _module_preset=\u00a0\u00bbdefault\u00a0\u00bb custom_padding=\u00a0\u00bb||3px|||\u00a0\u00bb global_colors_info=\u00a0\u00bb{}\u00a0\u00bb][et_pb_row column_structure=\u00a0\u00bb1_2,1_2&Prime; _builder_version=\u00a0\u00bb4.27.4&Prime; _module_preset=\u00a0\u00bbdefault\u00a0\u00bb global_colors_info=\u00a0\u00bb{}\u00a0\u00bb][et_pb_column type=\u00a0\u00bb1_2&Prime; _builder_version=\u00a0\u00bb4.27.4&Prime; _module_preset=\u00a0\u00bbdefault\u00a0\u00bb global_colors_info=\u00a0\u00bb{}\u00a0\u00bb][et_pb_image src=\u00a0\u00bbhttp:\/\/movefortheworld.org\/ghet\/wp-content\/uploads\/2024\/12\/oird-eu.jpeg\u00a0\u00bb title_text=\u00a0\u00bboird eu\u00a0\u00bb _builder_version=\u00a0\u00bb4.27.4&Prime; _module_preset=\u00a0\u00bbdefault\u00a0\u00bb global_colors_info=\u00a0\u00bb{}\u00a0\u00bb][\/et_pb_image][et_pb_text _builder_version=\u00a0\u00bb4.27.4&Prime; _module_preset=\u00a0\u00bbdefault\u00a0\u00bb global_colors_info=\u00a0\u00bb{}\u00a0\u00bb]<\/p>\n<p style=\"text-align: justify;\"><strong>This project has been funded with support from the European Commission. The author is solely responsible for this publication (communication) and the Commission accepts no responsibility for any use may be made of the information contained therein. In compliance of the new GDPR framework, please note that the Partnership will only process your personal data in the sole interest and purpose of the project and without any prejudice to your rights therein 2021-2-BE04-KA220-YOU-000050778<\/strong><\/p>\n<p>[\/et_pb_text][\/et_pb_column][et_pb_column type=\u00a0\u00bb1_2&Prime; _builder_version=\u00a0\u00bb4.27.4&Prime; _module_preset=\u00a0\u00bbdefault\u00a0\u00bb global_colors_info=\u00a0\u00bb{}\u00a0\u00bb][\/et_pb_column][\/et_pb_row][\/et_pb_section][et_pb_section fb_built=\u00a0\u00bb1&Prime; _builder_version=\u00a0\u00bb4.22.0&Prime; _module_preset=\u00a0\u00bbdefault\u00a0\u00bb custom_padding=\u00a0\u00bb0px|||||\u00a0\u00bb global_colors_info=\u00a0\u00bb{}\u00a0\u00bb][et_pb_row _builder_version=\u00a0\u00bb4.22.0&Prime; _module_preset=\u00a0\u00bbdefault\u00a0\u00bb custom_margin=\u00a0\u00bb30px|auto||auto||\u00a0\u00bb global_colors_info=\u00a0\u00bb{}\u00a0\u00bb][et_pb_column type=\u00a0\u00bb4_4&Prime; _builder_version=\u00a0\u00bb4.22.0&Prime; _module_preset=\u00a0\u00bbdefault\u00a0\u00bb global_colors_info=\u00a0\u00bb{}\u00a0\u00bb][et_pb_text _builder_version=\u00a0\u00bb4.22.0&Prime; _module_preset=\u00a0\u00bbdefault\u00a0\u00bb global_colors_info=\u00a0\u00bb{}\u00a0\u00bb]<\/p>\n<h1><span style=\"font-size: xx-large;\"><strong>Jeunes et \u00e9cotourisme \u2026<\/strong><\/span><strong><\/strong><\/h1>\n<p>Le d\u00e9crochage social des jeunes est un probl\u00e8me de politique publique qui se pose \u00e0 l\u2019\u00e9chelle europ\u00e9enne. 23 des 27 pays de l&rsquo;UE constatent la hausse du ch\u00f4mage des jeunes, avec des diff\u00e9rences tr\u00e8s marqu\u00e9es entre Etats.<\/p>\n<p>L&rsquo;Espagne est de loin le pays le plus touch\u00e9 par le ch\u00f4mage des moins de 25 ans, qui atteint 41 % des jeunes en juin <span>2020, 21 % en France contre 28 % en Italie (voir <\/span>article des echos 15 juin 2018, et les travaux JP Bozonnet, chercheur en Sciences sociales) <span>.<\/span><\/p>\n<p>L\u2019augmentation du d\u00e9crochage des jeunes est l\u2019une des cons\u00e9quences attendues de la crise sanitaire de la COVID-19 qui a eu un fort impact au niveau de la sant\u00e9 mentale des nouvelles g\u00e9n\u00e9rations. Celui-ci induit de la d\u00e9motivation, de<\/p>\n<p>la r\u00e9signation avec parfois des dommages collat\u00e9raux tels que la d\u00e9pression, l\u2019expression de la haine et de la violence, ainsi qu\u2019une augmentation de la d\u00e9linquance et de la criminalit\u00e9.<\/p>\n<p>En parall\u00e8le, l\u2019actualit\u00e9 li\u00e9e \u00e0 la crise du climat engendre \u00e9galement une \u00e9co-anxi\u00e9t\u00e9 g\u00e9n\u00e9ralis\u00e9e chez les jeunes de tous horizons socio-culturels qui vouent un int\u00e9r\u00eat certain vers les activit\u00e9s d\u2019immersion nature et de protection de l\u2019environnement.<\/p>\n<p>Au fil de ses ann\u00e9es d\u2019exp\u00e9rience de terrain, IOSD Brussels a exp\u00e9riment\u00e9 et mesur\u00e9 les r\u00e9sultats exceptionnels obtenus lors des dynamiques d\u2019accrochage scolaire et social de jeunes aux moyens de leur inclusion et participation active \u00e0 des activit\u00e9s centr\u00e9es sur la pr\u00e9servation de l\u2019environnement et l\u2019entrepreneuriat \u00e9co-durable.<\/p>\n<p>Les partenaires remarquent aussi l\u2019int\u00e9r\u00eat des nouvelles g\u00e9n\u00e9rations pour les enjeux environnementaux, leur volont\u00e9, mais \u00e9galement leur difficult\u00e9 \u00e0 agir. En travaillant sur le champ de l\u2019Eco-health tourisme, ils r\u00e9ussissent \u00e0 mobiliser les jeunes en compl\u00e9mentarit\u00e9 avec les services sociaux et obtiennent d\u2019excellents r\u00e9sultats lorsqu\u2019ils d\u00e9veloppent des projets qui reposent sur les talents et aspirations des jeunes.<\/p>\n<h1><strong>Environnement &amp; lutte contre le changement climatique<\/strong><strong><\/strong><\/h1>\n<p><strong><\/strong><\/p>\n<p><span>Les jeunes sont pessimistes s\u2019agissant de la responsabilit\u00e9 du genre humain dans l\u2019avenir de notre plan\u00e8te \u2013 ils sont 96 % \u00e0 penser que les activit\u00e9s\u00a0 humaines ont des cons\u00e9quences d\u00e9sastreuses. Or, avoir une sensibilit\u00e9 \u00e9cologique est une chose, avoir une conscience \u00e9cologique en est une autre. <\/span><\/p>\n<p><span>\u2018Contrairement \u00e0 la conscience \u00e9cologique, la sensibilit\u00e9 \u00e9cologique n\u2019est pas suivie d\u2019un engagement, de l\u2019adh\u00e9sion ou implication au sein d\u2019associations de d\u00e9fense de l\u2019environnement. Si dans leur ensemble, les jeunes sont anim\u00e9s par une motivation \u00e9lev\u00e9e aux objectifs de d\u00e9veloppement durable, il n\u2019en est pas de m\u00eame pour les questions politiques, ils privil\u00e9gient l\u2019engagement ou le comportement individuel au d\u00e9triment du collectif.<\/span><\/p>\n<p><span><\/span><\/p>\n<h1><strong>Accro\u00eetre la qualit\u00e9, l\u2019innovation et la reconnaissance du travail des jeunes<\/strong><\/h1>\n<p>&nbsp;<\/p>\n<p><strong>QUALIT\u00c9<\/strong><span><strong> \u2022<\/strong> Ce projet rassemble des acteurs qui travaillent depuis longtemps \u00e0 l\u2019inclusion des jeunes NEETs. <\/span><\/p>\n<p><strong>INNOVATION<\/strong><span><strong> \u2022<\/strong> L\u2019\u00c9co-tourisme, secteur \u00e9mergent, attire les jeunes et offre des espaces d\u2019innovations in\u00e9dits permettant aux jeunes de travailler avec leurs atouts : sport, digital, et street culture (mode, street food\u2026). <\/span><\/p>\n<p><strong>RECONNAISSANCE<\/strong><span><strong> \u2022<\/strong> L\u2019exp\u00e9rience montre que les seules entreprises r\u00e9ussies sont celles qui offrent des espaces de cr\u00e9ativit\u00e9 aux jeunes.<\/span><\/p>\n<p><span><\/span><\/p>\n<h1><strong>Promouvoir la citoyennet\u00e9 active, l\u2019esprit d\u2019initiative &amp; l\u2019entrepreneuriat des jeunes y compris l\u2019entrepreneuriat social<\/strong><\/h1>\n<p>&nbsp;<\/p>\n<p><span>Ce projet s\u2019adresse en particulier aux invisibles, aux jeunes NEETs et aux jeunes plus largement. <\/span><\/p>\n<p><span>Nous vivons le d\u00e9but d\u2019une crise environnementale qui va avoir des incidences sur nos modes de vie. Cette crise offre des espaces in\u00e9dits d\u2019exp\u00e9rimentation et d\u2019innovation pour les jeunes. Stimuler leur conscience culturelle et reconna\u00eetre leur cr\u00e9ativit\u00e9 est essentielle. La conscience environnementale sera donc l\u2019un des outils \u00e9ducatifs mis en place pour lutter contre l\u2019isolement des<\/span><\/p>\n<p>[\/et_pb_text][\/et_pb_column][\/et_pb_row][\/et_pb_section]<\/p>\n","protected":false},"excerpt":{"rendered":"<p>This project has been funded with support from the European Commission. The author is solely responsible for this publication (communication) and the Commission accepts no responsibility for any use may be made of the information contained therein. In compliance of the new GDPR framework, please note that the Partnership will only process your personal data [&hellip;]<\/p>\n","protected":false},"author":1,"featured_media":0,"parent":0,"menu_order":0,"comment_status":"closed","ping_status":"closed","template":"","meta":{"_et_pb_use_builder":"on","_et_pb_old_content":"","_et_gb_content_width":"","footnotes":""},"class_list":["post-147","page","type-page","status-publish","hentry"],"_links":{"self":[{"href":"https:\/\/movefortheworld.org\/ghet\/wp-json\/wp\/v2\/pages\/147","targetHints":{"allow":["GET"]}}],"collection":[{"href":"https:\/\/movefortheworld.org\/ghet\/wp-json\/wp\/v2\/pages"}],"about":[{"href":"https:\/\/movefortheworld.org\/ghet\/wp-json\/wp\/v2\/types\/page"}],"author":[{"embeddable":true,"href":"https:\/\/movefortheworld.org\/ghet\/wp-json\/wp\/v2\/users\/1"}],"replies":[{"embeddable":true,"href":"https:\/\/movefortheworld.org\/ghet\/wp-json\/wp\/v2\/comments?post=147"}],"version-history":[{"count":21,"href":"https:\/\/movefortheworld.org\/ghet\/wp-json\/wp\/v2\/pages\/147\/revisions"}],"predecessor-version":[{"id":720,"href":"https:\/\/movefortheworld.org\/ghet\/wp-json\/wp\/v2\/pages\/147\/revisions\/720"}],"wp:attachment":[{"href":"https:\/\/movefortheworld.org\/ghet\/wp-json\/wp\/v2\/media?parent=147"}],"curies":[{"name":"wp","href":"https:\/\/api.w.org\/{rel}","templated":true}]}}